{"id":2770,"date":"2026-08-26T12:59:57","date_gmt":"2026-08-26T10:59:57","guid":{"rendered":"https:\/\/escolares.afundacion.org\/actividad\/musica-a-flor-de-piel\/"},"modified":"2026-09-04T10:01:42","modified_gmt":"2026-09-04T08:01:42","slug":"musica-a-flor-de-piel","status":"publish","type":"actividad","link":"https:\/\/escolares.afundacion.org\/es\/actividad\/musica-a-flor-de-piel\/","title":{"rendered":"M\u00fasica a flor de piel"},"content":{"rendered":"\n<p class=\"wp-block-paragraph\">\u00abM\u00fasica a flor de piel\u00bb es un concierto did\u00e1ctico impartido en el propio centro educativo y dise\u00f1ado espec\u00edficamente para centros de Educaci\u00f3n especial. La m\u00fasica se convierte aqu\u00ed en un canal de comunicaci\u00f3n y en un est\u00edmulo para el desarrollo emocional, afectivo, sensorial y perceptivo del alumnado: favorece la atenci\u00f3n, reduce la ansiedad y facilita las relaciones, en una jornada festiva y emotiva adaptada a cada grupo. <\/p>\n\n\n\n<p class=\"wp-block-paragraph\"><\/p>\n\n\n\n<p class=\"wp-block-paragraph\"><strong>Los centros de Educaci\u00f3n especial recibir\u00e1n una llamada para anotarse a la actividad.<\/strong><\/p>\n\n\n\n<p class=\"wp-block-paragraph\">El programa ofrece dos propuestas:<\/p>\n\n\n\n<p class=\"wp-block-paragraph\"><strong>Fundaci\u00f3n Igual Arte<\/strong><br>Entidad sin \u00e1nimo de lucro que trabaja el arte con personas con discapacidad, entendi\u00e9ndolo como un derecho de todas y todos. Propone tres formatos, a elegir uno: <\/p>\n\n\n\n<ul class=\"wp-block-list\">\n<li><strong>De t@pas:<\/strong> concierto de m\u00fasica tradicional que combina juegos e interacci\u00f3n con el p\u00fablico.<\/li>\n\n\n\n<li><strong>Lavanda:<\/strong> propuesta musical infantil con canciones conocidas (de circo, de dibujos animados, tradicionales) para relacionarse y jugar con sus personajes.<\/li>\n\n\n\n<li><strong>M\u00fasica con Sentido<\/strong>: experiencia sensorial que combina m\u00fasica, sonido, texturas y materiales para trabajar la percepci\u00f3n auditiva.<\/li>\n<\/ul>\n\n\n\n<p class=\"wp-block-paragraph\"><strong>Xo\u00e1n Curiel y Diana Gonz\u00e1lez<\/strong><br>Una actividad-experiencia para escuchar canciones compuestas por Xo\u00e1n Curiel en el \u00e1mbito de las m\u00fasicas del mundo: reggae, pop, rock, m\u00fasica tradicional, etc. El artista y la actriz Diana Gonz\u00e1lez crean toda una experiencia en directo donde aprender algunos ritmos y sonidos, utilizando elementos teatrales, de narraci\u00f3n oral y puntualmente de clown. <\/p>\n\n\n\n<p class=\"wp-block-paragraph\"><br>Ambos cuentan con una amplia trayectoria docente y una s\u00f3lida experiencia en el trabajo con personas con diversidad funcional. Xo\u00e1n Curiel ha impartido clases de teatro, expresi\u00f3n corporal y voz a colectivos diversos, incluidas personas con diversidad funcional en asociaciones como FADEMGA. Diana Gonz\u00e1lez, diplomada en Pedagog\u00eda Terap\u00e9utica y actriz, ha trabajado como monitora de personas con diversidad funcional y como profesora de teatro en proyectos de inclusi\u00f3n.  <\/p>\n","protected":false},"excerpt":{"rendered":"<p>Concierto did\u00e1ctico \u00abM\u00fasica a flor de piel\u00bb, impartido en el propio centro y dise\u00f1ado para centros de Educaci\u00f3n especial.<\/p>\n","protected":false},"featured_media":2723,"template":"","etapa-escolar":[76],"lugar":[56],"tipoloxia":[44],"class_list":["post-2770","actividad","type-actividad","status-publish","has-post-thumbnail","hentry","etapa-escolar-educacion-especial-es","lugar-en-el-propio-centro-educativo","tipoloxia-artes-escenicas"],"acf":[],"_links":{"self":[{"href":"https:\/\/escolares.afundacion.org\/es\/wp-json\/wp\/v2\/actividad\/2770","targetHints":{"allow":["GET"]}}],"collection":[{"href":"https:\/\/escolares.afundacion.org\/es\/wp-json\/wp\/v2\/actividad"}],"about":[{"href":"https:\/\/escolares.afundacion.org\/es\/wp-json\/wp\/v2\/types\/actividad"}],"wp:featuredmedia":[{"embeddable":true,"href":"https:\/\/escolares.afundacion.org\/es\/wp-json\/wp\/v2\/media\/2723"}],"wp:attachment":[{"href":"https:\/\/escolares.afundacion.org\/es\/wp-json\/wp\/v2\/media?parent=2770"}],"wp:term":[{"taxonomy":"etapa-escolar","embeddable":true,"href":"https:\/\/escolares.afundacion.org\/es\/wp-json\/wp\/v2\/etapa-escolar?post=2770"},{"taxonomy":"lugar","embeddable":true,"href":"https:\/\/escolares.afundacion.org\/es\/wp-json\/wp\/v2\/lugar?post=2770"},{"taxonomy":"tipoloxia","embeddable":true,"href":"https:\/\/escolares.afundacion.org\/es\/wp-json\/wp\/v2\/tipoloxia?post=2770"}],"curies":[{"name":"wp","href":"https:\/\/api.w.org\/{rel}","templated":true}]}}