{"id":2762,"date":"2026-08-25T20:16:31","date_gmt":"2026-08-25T18:16:31","guid":{"rendered":"https:\/\/escolares.afundacion.org\/actividad\/destino-una-peregrinacion-de-manuel-valcarcel-gondomar\/"},"modified":"2026-09-03T10:45:50","modified_gmt":"2026-09-03T08:45:50","slug":"destino-una-peregrinacion-de-manuel-valcarcel-gondomar","status":"publish","type":"actividad","link":"https:\/\/escolares.afundacion.org\/es\/actividad\/destino-una-peregrinacion-de-manuel-valcarcel-gondomar\/","title":{"rendered":"Destino. Una peregrinaci\u00f3n de Manuel Valc\u00e1rcel \u2014 Gondomar"},"content":{"rendered":"\n<p class=\"wp-block-paragraph\">\u00abDestino. Una peregrinaci\u00f3n de Manuel Valc\u00e1rcel\u00bb llega al Centro neural de Gondomar de la mano del programa \u00abCorriente cultural\u00bb de Afundaci\u00f3n. Esta exposici\u00f3n re\u00fane cuatro peregrinaciones del fot\u00f3grafo gallego por el T\u00edbet, Senegal, M\u00e9xico y Galicia y, a trav\u00e9s de la fotograf\u00eda documental, habla de familia, emigraci\u00f3n, envejecimiento y hogar, grandes temas universales que conectan con la propia experiencia migratoria del pueblo gallego. A trav\u00e9s de una visita guiada y un taller adaptado, los escolares podr\u00e1n ahondar en ellos.<br\/>  <\/p>\n","protected":false},"excerpt":{"rendered":"<p>\u00abDestino. Una peregrinaci\u00f3n de Manuel Valc\u00e1rcel\u00bb acerca al alumnado la emigraci\u00f3n y la identidad gallega a trav\u00e9s de la fotograf\u00eda documental, en el Centro neural de Gondomar.<\/p>\n","protected":false},"featured_media":2612,"template":"","etapa-escolar":[66,64,62,63],"lugar":[57],"tipoloxia":[45],"class_list":["post-2762","actividad","type-actividad","status-publish","has-post-thumbnail","hentry","etapa-escolar-primaria","etapa-escolar-eso","etapa-escolar-bachillerato","etapa-escolar-ciclos-formativos","lugar-otras-localidades","tipoloxia-artes-plasticas"],"acf":[],"_links":{"self":[{"href":"https:\/\/escolares.afundacion.org\/es\/wp-json\/wp\/v2\/actividad\/2762","targetHints":{"allow":["GET"]}}],"collection":[{"href":"https:\/\/escolares.afundacion.org\/es\/wp-json\/wp\/v2\/actividad"}],"about":[{"href":"https:\/\/escolares.afundacion.org\/es\/wp-json\/wp\/v2\/types\/actividad"}],"wp:featuredmedia":[{"embeddable":true,"href":"https:\/\/escolares.afundacion.org\/es\/wp-json\/wp\/v2\/media\/2612"}],"wp:attachment":[{"href":"https:\/\/escolares.afundacion.org\/es\/wp-json\/wp\/v2\/media?parent=2762"}],"wp:term":[{"taxonomy":"etapa-escolar","embeddable":true,"href":"https:\/\/escolares.afundacion.org\/es\/wp-json\/wp\/v2\/etapa-escolar?post=2762"},{"taxonomy":"lugar","embeddable":true,"href":"https:\/\/escolares.afundacion.org\/es\/wp-json\/wp\/v2\/lugar?post=2762"},{"taxonomy":"tipoloxia","embeddable":true,"href":"https:\/\/escolares.afundacion.org\/es\/wp-json\/wp\/v2\/tipoloxia?post=2762"}],"curies":[{"name":"wp","href":"https:\/\/api.w.org\/{rel}","templated":true}]}}